{"id":1422,"date":"2023-02-27T12:54:53","date_gmt":"2023-02-27T11:54:53","guid":{"rendered":"https:\/\/numidio.com\/madeinjail\/?page_id=1422"},"modified":"2023-03-02T01:17:39","modified_gmt":"2023-03-02T00:17:39","slug":"il-progetto","status":"publish","type":"page","link":"https:\/\/numidio.com\/madeinjail\/il-progetto\/","title":{"rendered":"Il Progetto"},"content":{"rendered":"\t\t<div data-elementor-type=\"wp-page\" data-elementor-id=\"1422\" class=\"elementor elementor-1422\">\n\t\t\t\t\t\t\t\t\t<section class=\"elementor-section elementor-top-section elementor-element elementor-element-ff979a2 elementor-section-boxed elementor-section-height-default elementor-section-height-default wpr-particle-no wpr-jarallax-no wpr-parallax-no wpr-sticky-section-no\" data-id=\"ff979a2\" data-element_type=\"section\" data-settings=\"{&quot;background_background&quot;:&quot;classic&quot;}\">\n\t\t\t\t\t\t<div class=\"elementor-container elementor-column-gap-default\">\n\t\t\t\t\t<div class=\"elementor-column elementor-col-100 elementor-top-column elementor-element elementor-element-2049400\" data-id=\"2049400\" data-element_type=\"column\">\n\t\t\t<div class=\"elementor-widget-wrap elementor-element-populated\">\n\t\t\t\t\t\t\t\t<div class=\"elementor-element elementor-element-91ee19a elementor-widget elementor-widget-text-editor\" data-id=\"91ee19a\" data-element_type=\"widget\" data-widget_type=\"text-editor.default\">\n\t\t\t\t<div class=\"elementor-widget-container\">\n\t\t\t<style>\/*! elementor - v3.17.0 - 08-11-2023 *\/\n.elementor-widget-text-editor.elementor-drop-cap-view-stacked .elementor-drop-cap{background-color:#69727d;color:#fff}.elementor-widget-text-editor.elementor-drop-cap-view-framed .elementor-drop-cap{color:#69727d;border:3px solid;background-color:transparent}.elementor-widget-text-editor:not(.elementor-drop-cap-view-default) .elementor-drop-cap{margin-top:8px}.elementor-widget-text-editor:not(.elementor-drop-cap-view-default) .elementor-drop-cap-letter{width:1em;height:1em}.elementor-widget-text-editor .elementor-drop-cap{float:left;text-align:center;line-height:1;font-size:50px}.elementor-widget-text-editor .elementor-drop-cap-letter{display:inline-block}<\/style>\t\t\t\t<p>\u201cIl carcere \u00e8 un orologio senza lancette\u201d<\/p>\t\t\t\t\t\t<\/div>\n\t\t\t\t<\/div>\n\t\t\t\t<div class=\"elementor-element elementor-element-fcde5e6 elementor-widget elementor-widget-text-editor\" data-id=\"fcde5e6\" data-element_type=\"widget\" data-widget_type=\"text-editor.default\">\n\t\t\t\t<div class=\"elementor-widget-container\">\n\t\t\t\t\t\t\t<p><em>Silvio Palermo, Fondatore di Made in Jail<\/em><\/p>\t\t\t\t\t\t<\/div>\n\t\t\t\t<\/div>\n\t\t\t\t<div class=\"elementor-element elementor-element-fe4f28f elementor-widget elementor-widget-spacer\" data-id=\"fe4f28f\" data-element_type=\"widget\" data-widget_type=\"spacer.default\">\n\t\t\t\t<div class=\"elementor-widget-container\">\n\t\t\t<style>\/*! elementor - v3.17.0 - 08-11-2023 *\/\n.elementor-column .elementor-spacer-inner{height:var(--spacer-size)}.e-con{--container-widget-width:100%}.e-con-inner>.elementor-widget-spacer,.e-con>.elementor-widget-spacer{width:var(--container-widget-width,var(--spacer-size));--align-self:var(--container-widget-align-self,initial);--flex-shrink:0}.e-con-inner>.elementor-widget-spacer>.elementor-widget-container,.e-con>.elementor-widget-spacer>.elementor-widget-container{height:100%;width:100%}.e-con-inner>.elementor-widget-spacer>.elementor-widget-container>.elementor-spacer,.e-con>.elementor-widget-spacer>.elementor-widget-container>.elementor-spacer{height:100%}.e-con-inner>.elementor-widget-spacer>.elementor-widget-container>.elementor-spacer>.elementor-spacer-inner,.e-con>.elementor-widget-spacer>.elementor-widget-container>.elementor-spacer>.elementor-spacer-inner{height:var(--container-widget-height,var(--spacer-size))}.e-con-inner>.elementor-widget-spacer.elementor-widget-empty,.e-con>.elementor-widget-spacer.elementor-widget-empty{position:relative;min-height:22px;min-width:22px}.e-con-inner>.elementor-widget-spacer.elementor-widget-empty .elementor-widget-empty-icon,.e-con>.elementor-widget-spacer.elementor-widget-empty .elementor-widget-empty-icon{position:absolute;top:0;bottom:0;left:0;right:0;margin:auto;padding:0;width:22px;height:22px}<\/style>\t\t<div class=\"elementor-spacer\">\n\t\t\t<div class=\"elementor-spacer-inner\"><\/div>\n\t\t<\/div>\n\t\t\t\t<\/div>\n\t\t\t\t<\/div>\n\t\t\t\t<div class=\"elementor-element elementor-element-6653996 elementor-widget elementor-widget-heading\" data-id=\"6653996\" data-element_type=\"widget\" data-widget_type=\"heading.default\">\n\t\t\t\t<div class=\"elementor-widget-container\">\n\t\t\t<style>\/*! elementor - v3.17.0 - 08-11-2023 *\/\n.elementor-heading-title{padding:0;margin:0;line-height:1}.elementor-widget-heading .elementor-heading-title[class*=elementor-size-]>a{color:inherit;font-size:inherit;line-height:inherit}.elementor-widget-heading .elementor-heading-title.elementor-size-small{font-size:15px}.elementor-widget-heading .elementor-heading-title.elementor-size-medium{font-size:19px}.elementor-widget-heading .elementor-heading-title.elementor-size-large{font-size:29px}.elementor-widget-heading .elementor-heading-title.elementor-size-xl{font-size:39px}.elementor-widget-heading .elementor-heading-title.elementor-size-xxl{font-size:59px}<\/style><h2 class=\"elementor-heading-title elementor-size-default\">Introduzione<\/h2>\t\t<\/div>\n\t\t\t\t<\/div>\n\t\t\t\t<div class=\"elementor-element elementor-element-f00eee2 elementor-widget elementor-widget-text-editor\" data-id=\"f00eee2\" data-element_type=\"widget\" data-widget_type=\"text-editor.default\">\n\t\t\t\t<div class=\"elementor-widget-container\">\n\t\t\t\t\t\t\t<p>Il carcere \u00e8 il luogo che pi\u00f9 di tutti interroga la nostra societ\u00e0. Parlare di carcere significa parlare di un mondo che ad oggi, purtroppo, \u00e8 ancora separato, come se fosse in un\u2019altra dimensione spazio-temporale.<\/p><p>Chi entra in carcere sente un vuoto angosciante, \u00e8 come se si trasformasse in un essere alieno per la societ\u00e0 all\u2019esterno. La persona detenuta avverte la totale separazione tra il mondo di fuori e quello che ora \u00e8 il suo mondo, dentro le mura dell\u2019istituto di pena.<\/p>\t\t\t\t\t\t<\/div>\n\t\t\t\t<\/div>\n\t\t\t\t<div class=\"elementor-element elementor-element-3da0b7e elementor-widget elementor-widget-spacer\" data-id=\"3da0b7e\" data-element_type=\"widget\" data-widget_type=\"spacer.default\">\n\t\t\t\t<div class=\"elementor-widget-container\">\n\t\t\t\t\t<div class=\"elementor-spacer\">\n\t\t\t<div class=\"elementor-spacer-inner\"><\/div>\n\t\t<\/div>\n\t\t\t\t<\/div>\n\t\t\t\t<\/div>\n\t\t\t\t<div class=\"elementor-element elementor-element-d9fc75f elementor-widget elementor-widget-image-carousel\" data-id=\"d9fc75f\" data-element_type=\"widget\" data-settings=\"{&quot;slides_to_show&quot;:&quot;1&quot;,&quot;navigation&quot;:&quot;none&quot;,&quot;autoplay&quot;:&quot;yes&quot;,&quot;pause_on_hover&quot;:&quot;yes&quot;,&quot;pause_on_interaction&quot;:&quot;yes&quot;,&quot;autoplay_speed&quot;:5000,&quot;infinite&quot;:&quot;yes&quot;,&quot;effect&quot;:&quot;slide&quot;,&quot;speed&quot;:500}\" data-widget_type=\"image-carousel.default\">\n\t\t\t\t<div class=\"elementor-widget-container\">\n\t\t\t<style>\/*! elementor - v3.17.0 - 08-11-2023 *\/\n.elementor-widget-image-carousel .swiper,.elementor-widget-image-carousel .swiper-container{position:static}.elementor-widget-image-carousel .swiper-container .swiper-slide figure,.elementor-widget-image-carousel .swiper .swiper-slide figure{line-height:inherit}.elementor-widget-image-carousel .swiper-slide{text-align:center}.elementor-image-carousel-wrapper:not(.swiper-container-initialized):not(.swiper-initialized) .swiper-slide{max-width:calc(100% \/ var(--e-image-carousel-slides-to-show, 3))}<\/style>\t\t<div class=\"elementor-image-carousel-wrapper swiper-container\" dir=\"ltr\">\n\t\t\t<div class=\"elementor-image-carousel swiper-wrapper swiper-image-stretch\" aria-live=\"off\">\n\t\t\t\t\t\t\t\t<div class=\"swiper-slide\" role=\"group\" aria-roledescription=\"slide\" aria-label=\"1 di 1\"><figure class=\"swiper-slide-inner\"><img decoding=\"async\" class=\"swiper-slide-image\" src=\"https:\/\/numidio.com\/madeinjail\/wp-content\/uploads\/2021\/08\/Foto-1-\u2013-Silvio-che-veste-mummia.jpg\" alt=\"Foto 1 \u2013 Silvio che veste mummia\" \/><\/figure><\/div>\t\t\t<\/div>\n\t\t\t\t\t<\/div>\n\t\t\t\t<\/div>\n\t\t\t\t<\/div>\n\t\t\t\t<div class=\"elementor-element elementor-element-ae7cdf5 elementor-widget elementor-widget-text-editor\" data-id=\"ae7cdf5\" data-element_type=\"widget\" data-widget_type=\"text-editor.default\">\n\t\t\t\t<div class=\"elementor-widget-container\">\n\t\t\t\t\t\t\t<p>Mostra delle opere di Made in Jail presso il carcere Rebibbia di Roma<\/p>\t\t\t\t\t\t<\/div>\n\t\t\t\t<\/div>\n\t\t\t\t<div class=\"elementor-element elementor-element-c93d1f2 elementor-widget elementor-widget-spacer\" data-id=\"c93d1f2\" data-element_type=\"widget\" data-widget_type=\"spacer.default\">\n\t\t\t\t<div class=\"elementor-widget-container\">\n\t\t\t\t\t<div class=\"elementor-spacer\">\n\t\t\t<div class=\"elementor-spacer-inner\"><\/div>\n\t\t<\/div>\n\t\t\t\t<\/div>\n\t\t\t\t<\/div>\n\t\t\t\t<div class=\"elementor-element elementor-element-d8256c9 elementor-widget elementor-widget-text-editor\" data-id=\"d8256c9\" data-element_type=\"widget\" data-widget_type=\"text-editor.default\">\n\t\t\t\t<div class=\"elementor-widget-container\">\n\t\t\t\t\t\t\t<p>Perch\u00e9 parlare di carcere ci fa cos\u00ec tanta paura?<\/p><p>Probabilmente perch\u00e9 ci spinge a guardare dove non vorremmo, facendo finta che si tratti di un incubo.<\/p><p>Ragionare di carcere ci fa riflettere da un lato su quali siano le misure punitive pi\u00f9 giuste da far scontare a chi ha infranto la legge e dall\u2019altro lato ci costringe a pensare a quali siano le modalit\u00e0 concrete per il recupero e il reinserimento di chi ha deviato.<\/p><p>Eppure il tema del carcere non riguarda solo la condizione di restrizione nella quale si trovano le persone detenute ma ci coinvolge direttamente, tocca il nostro senso di libert\u00e0 e di giustizia.<\/p>\t\t\t\t\t\t<\/div>\n\t\t\t\t<\/div>\n\t\t\t\t<div class=\"elementor-element elementor-element-57b9279 elementor-widget elementor-widget-spacer\" data-id=\"57b9279\" data-element_type=\"widget\" data-widget_type=\"spacer.default\">\n\t\t\t\t<div class=\"elementor-widget-container\">\n\t\t\t\t\t<div class=\"elementor-spacer\">\n\t\t\t<div class=\"elementor-spacer-inner\"><\/div>\n\t\t<\/div>\n\t\t\t\t<\/div>\n\t\t\t\t<\/div>\n\t\t\t\t<div class=\"elementor-element elementor-element-006642f elementor-widget elementor-widget-heading\" data-id=\"006642f\" data-element_type=\"widget\" data-widget_type=\"heading.default\">\n\t\t\t\t<div class=\"elementor-widget-container\">\n\t\t\t<h2 class=\"elementor-heading-title elementor-size-default\">La storia<\/h2>\t\t<\/div>\n\t\t\t\t<\/div>\n\t\t\t\t<div class=\"elementor-element elementor-element-decd149 elementor-widget elementor-widget-text-editor\" data-id=\"decd149\" data-element_type=\"widget\" data-widget_type=\"text-editor.default\">\n\t\t\t\t<div class=\"elementor-widget-container\">\n\t\t\t\t\t\t\t<p>Nell\u2019estate del 2019 con la nostra societ\u00e0 di comunicazione, Numidio, abbiamo iniziato a scrivere questo progetto. Fin dall\u2019inizio abbiamo costruito questo film come un tassello di una campagna di comunicazione pi\u00f9 ampia.<\/p><p>Questo film nasce dalla nostra amicizia con Silvio Palermo, fondatore di Made in Jail. Da 35 anni l\u2019Associazione Made in Jail si occupa di aiutare le persone detenute ed ex detenute a reinserirsi nel tessuto sociale, culturale e lavorativo grazie ai suoi corsi di serigrafia in carcere in tutta Italia, in particolare a Roma.<\/p>\t\t\t\t\t\t<\/div>\n\t\t\t\t<\/div>\n\t\t\t\t<div class=\"elementor-element elementor-element-45d6f39 elementor-widget elementor-widget-spacer\" data-id=\"45d6f39\" data-element_type=\"widget\" data-widget_type=\"spacer.default\">\n\t\t\t\t<div class=\"elementor-widget-container\">\n\t\t\t\t\t<div class=\"elementor-spacer\">\n\t\t\t<div class=\"elementor-spacer-inner\"><\/div>\n\t\t<\/div>\n\t\t\t\t<\/div>\n\t\t\t\t<\/div>\n\t\t\t\t<div class=\"elementor-element elementor-element-4f6f2a0 elementor-widget elementor-widget-image-carousel\" data-id=\"4f6f2a0\" data-element_type=\"widget\" data-settings=\"{&quot;slides_to_show&quot;:&quot;1&quot;,&quot;navigation&quot;:&quot;none&quot;,&quot;autoplay&quot;:&quot;yes&quot;,&quot;pause_on_hover&quot;:&quot;yes&quot;,&quot;pause_on_interaction&quot;:&quot;yes&quot;,&quot;autoplay_speed&quot;:5000,&quot;infinite&quot;:&quot;yes&quot;,&quot;effect&quot;:&quot;slide&quot;,&quot;speed&quot;:500}\" data-widget_type=\"image-carousel.default\">\n\t\t\t\t<div class=\"elementor-widget-container\">\n\t\t\t\t\t<div class=\"elementor-image-carousel-wrapper swiper-container\" dir=\"ltr\">\n\t\t\t<div class=\"elementor-image-carousel swiper-wrapper swiper-image-stretch\" aria-live=\"off\">\n\t\t\t\t\t\t\t\t<div class=\"swiper-slide\" role=\"group\" aria-roledescription=\"slide\" aria-label=\"1 di 1\"><figure class=\"swiper-slide-inner\"><img decoding=\"async\" class=\"swiper-slide-image\" src=\"https:\/\/numidio.com\/madeinjail\/wp-content\/uploads\/2021\/08\/Foto-2-Silvio-con-un-ragazzo-durante-un-corso.jpg\" alt=\"Foto 2 - Silvio con un ragazzo durante un corso\" \/><\/figure><\/div>\t\t\t<\/div>\n\t\t\t\t\t<\/div>\n\t\t\t\t<\/div>\n\t\t\t\t<\/div>\n\t\t\t\t<div class=\"elementor-element elementor-element-14e6580 elementor-widget elementor-widget-text-editor\" data-id=\"14e6580\" data-element_type=\"widget\" data-widget_type=\"text-editor.default\">\n\t\t\t\t<div class=\"elementor-widget-container\">\n\t\t\t\t\t\t\t<p>Silvio e un suo studente in uno dei sui tanti corsi presso le carceri<\/p>\t\t\t\t\t\t<\/div>\n\t\t\t\t<\/div>\n\t\t\t\t<div class=\"elementor-element elementor-element-5f047d5 elementor-widget elementor-widget-spacer\" data-id=\"5f047d5\" data-element_type=\"widget\" data-widget_type=\"spacer.default\">\n\t\t\t\t<div class=\"elementor-widget-container\">\n\t\t\t\t\t<div class=\"elementor-spacer\">\n\t\t\t<div class=\"elementor-spacer-inner\"><\/div>\n\t\t<\/div>\n\t\t\t\t<\/div>\n\t\t\t\t<\/div>\n\t\t\t\t<div class=\"elementor-element elementor-element-58088b5 elementor-widget elementor-widget-text-editor\" data-id=\"58088b5\" data-element_type=\"widget\" data-widget_type=\"text-editor.default\">\n\t\t\t\t<div class=\"elementor-widget-container\">\n\t\t\t\t\t\t\t<p>Made in Jail nasce in carcere nei primi anni Ottanta, proprio a Roma, quando Silvio era detenuto. Eppure abbiamo ritenuto che fosse altrettanto importante raccontare la battaglia fuori dal carcere, la lotta per tornare a vivere una nuova vita.<\/p>\t\t\t\t\t\t<\/div>\n\t\t\t\t<\/div>\n\t\t\t\t<div class=\"elementor-element elementor-element-e90bd95 elementor-widget elementor-widget-spacer\" data-id=\"e90bd95\" data-element_type=\"widget\" data-widget_type=\"spacer.default\">\n\t\t\t\t<div class=\"elementor-widget-container\">\n\t\t\t\t\t<div class=\"elementor-spacer\">\n\t\t\t<div class=\"elementor-spacer-inner\"><\/div>\n\t\t<\/div>\n\t\t\t\t<\/div>\n\t\t\t\t<\/div>\n\t\t\t\t<div class=\"elementor-element elementor-element-189860a elementor-widget elementor-widget-heading\" data-id=\"189860a\" data-element_type=\"widget\" data-widget_type=\"heading.default\">\n\t\t\t\t<div class=\"elementor-widget-container\">\n\t\t\t<h2 class=\"elementor-heading-title elementor-size-default\">Il film<\/h2>\t\t<\/div>\n\t\t\t\t<\/div>\n\t\t\t\t<div class=\"elementor-element elementor-element-2679688 elementor-widget elementor-widget-text-editor\" data-id=\"2679688\" data-element_type=\"widget\" data-widget_type=\"text-editor.default\">\n\t\t\t\t<div class=\"elementor-widget-container\">\n\t\t\t\t\t\t\t<p>Nella prima parte del film entriamo in carcere, in particolare nella casa di reclusione di Civitavecchia. Quest\u2019istituto \u00e8 un carcere con una storia speciale, come si scopre lungo il film. Diamo subito voce alle persone detenute e ascoltiamo le loro storie. Con loro cerchiamo di capire se \u00e8 davvero possibile pensare a delle forme di pena alternative rispetto a quelle che conosciamo oggi con il carcere.<\/p><p>Il film ci porta, poi, dentro una storia vera ed emozionante. Ci racconta un modello pratico di formazione e di reinserimento nella societ\u00e0 tramite l\u2019arte e la serigrafia che Silvio con Made in Jail porta avanti con successo da 35 anni, nonostante mille difficolt\u00e0 e peripezie.<\/p>\t\t\t\t\t\t<\/div>\n\t\t\t\t<\/div>\n\t\t\t\t<div class=\"elementor-element elementor-element-61839e2 elementor-widget elementor-widget-spacer\" data-id=\"61839e2\" data-element_type=\"widget\" data-widget_type=\"spacer.default\">\n\t\t\t\t<div class=\"elementor-widget-container\">\n\t\t\t\t\t<div class=\"elementor-spacer\">\n\t\t\t<div class=\"elementor-spacer-inner\"><\/div>\n\t\t<\/div>\n\t\t\t\t<\/div>\n\t\t\t\t<\/div>\n\t\t\t\t<div class=\"elementor-element elementor-element-6175e1d elementor-widget elementor-widget-image-carousel\" data-id=\"6175e1d\" data-element_type=\"widget\" data-settings=\"{&quot;slides_to_show&quot;:&quot;1&quot;,&quot;navigation&quot;:&quot;none&quot;,&quot;autoplay&quot;:&quot;yes&quot;,&quot;pause_on_hover&quot;:&quot;yes&quot;,&quot;pause_on_interaction&quot;:&quot;yes&quot;,&quot;autoplay_speed&quot;:5000,&quot;infinite&quot;:&quot;yes&quot;,&quot;effect&quot;:&quot;slide&quot;,&quot;speed&quot;:500}\" data-widget_type=\"image-carousel.default\">\n\t\t\t\t<div class=\"elementor-widget-container\">\n\t\t\t\t\t<div class=\"elementor-image-carousel-wrapper swiper-container\" dir=\"ltr\">\n\t\t\t<div class=\"elementor-image-carousel swiper-wrapper swiper-image-stretch\" aria-live=\"off\">\n\t\t\t\t\t\t\t\t<div class=\"swiper-slide\" role=\"group\" aria-roledescription=\"slide\" aria-label=\"1 di 1\"><figure class=\"swiper-slide-inner\"><img decoding=\"async\" class=\"swiper-slide-image\" src=\"https:\/\/numidio.com\/madeinjail\/wp-content\/uploads\/2021\/08\/Foto-3-\u2013-Made-in-Jail-in-fiera-con-tante-persone.jpg\" alt=\"Foto 3 \u2013 Made in Jail in fiera con tante persone\" \/><\/figure><\/div>\t\t\t<\/div>\n\t\t\t\t\t<\/div>\n\t\t\t\t<\/div>\n\t\t\t\t<\/div>\n\t\t\t\t<div class=\"elementor-element elementor-element-c48f460 elementor-widget elementor-widget-text-editor\" data-id=\"c48f460\" data-element_type=\"widget\" data-widget_type=\"text-editor.default\">\n\t\t\t\t<div class=\"elementor-widget-container\">\n\t\t\t\t\t\t\t<p>Stand di Made in Jail alla fiera &#8220;Fa&#8217; la cosa giusta!&#8221; a Milano<\/p>\t\t\t\t\t\t<\/div>\n\t\t\t\t<\/div>\n\t\t\t\t<div class=\"elementor-element elementor-element-32cf780 elementor-widget elementor-widget-spacer\" data-id=\"32cf780\" data-element_type=\"widget\" data-widget_type=\"spacer.default\">\n\t\t\t\t<div class=\"elementor-widget-container\">\n\t\t\t\t\t<div class=\"elementor-spacer\">\n\t\t\t<div class=\"elementor-spacer-inner\"><\/div>\n\t\t<\/div>\n\t\t\t\t<\/div>\n\t\t\t\t<\/div>\n\t\t\t\t<div class=\"elementor-element elementor-element-eb79263 elementor-widget elementor-widget-text-editor\" data-id=\"eb79263\" data-element_type=\"widget\" data-widget_type=\"text-editor.default\">\n\t\t\t\t<div class=\"elementor-widget-container\">\n\t\t\t\t\t\t\t<p>I racconti di Silvio, delle persone detenute che hanno iniziato un nuovo cammino e dei volontari di Made in Jail ci offrono un esempio reale e concreto di valori positivi.<\/p><p>Come un moderno Rocky, anche Silvio e Made in Jail scelgono di rimanere in piedi nonostante le mille difficolt\u00e0 che la vita riserva aprendo nuove strade e diventando modelli di riscatto.<\/p><p>Made in Jail non \u00e8 solo un progetto culturale per formare le persone detenute ma \u00e8 molto di pi\u00f9: un modo per ridare speranza e per vedere il mondo in modo migliore.<\/p>\t\t\t\t\t\t<\/div>\n\t\t\t\t<\/div>\n\t\t\t\t<div class=\"elementor-element elementor-element-5e9f254 elementor-widget elementor-widget-text-editor\" data-id=\"5e9f254\" data-element_type=\"widget\" data-widget_type=\"text-editor.default\">\n\t\t\t\t<div class=\"elementor-widget-container\">\n\t\t\t\t\t\t\t<p><em>Matteo Morittu, Flavio Crinelli e Gianluca Calabria &#8211; <\/em><em>Produttori e Autori del film<\/em><\/p>\t\t\t\t\t\t<\/div>\n\t\t\t\t<\/div>\n\t\t\t\t\t<\/div>\n\t\t<\/div>\n\t\t\t\t\t\t\t<\/div>\n\t\t<\/section>\n\t\t\t\t<section class=\"elementor-section elementor-top-section elementor-element elementor-element-7c080e8a elementor-section-boxed elementor-section-height-default elementor-section-height-default wpr-particle-no wpr-jarallax-no wpr-parallax-no wpr-sticky-section-no elementor-invisible\" data-id=\"7c080e8a\" data-element_type=\"section\" data-settings=\"{&quot;background_background&quot;:&quot;classic&quot;,&quot;animation&quot;:&quot;fadeInUp&quot;}\">\n\t\t\t\t\t\t<div class=\"elementor-container elementor-column-gap-default\">\n\t\t\t\t\t<div class=\"elementor-column elementor-col-100 elementor-top-column elementor-element elementor-element-72c9f860\" data-id=\"72c9f860\" data-element_type=\"column\">\n\t\t\t<div class=\"elementor-widget-wrap elementor-element-populated\">\n\t\t\t\t\t\t\t\t<div class=\"elementor-element elementor-element-58ca03bf elementor-widget elementor-widget-heading\" data-id=\"58ca03bf\" data-element_type=\"widget\" data-widget_type=\"heading.default\">\n\t\t\t\t<div class=\"elementor-widget-container\">\n\t\t\t<h2 class=\"elementor-heading-title elementor-size-default\">Acquista il film e vedilo subito!<\/h2>\t\t<\/div>\n\t\t\t\t<\/div>\n\t\t\t\t<div class=\"elementor-element elementor-element-28b60bc8 elementor-widget elementor-widget-spacer\" data-id=\"28b60bc8\" data-element_type=\"widget\" data-widget_type=\"spacer.default\">\n\t\t\t\t<div class=\"elementor-widget-container\">\n\t\t\t\t\t<div class=\"elementor-spacer\">\n\t\t\t<div class=\"elementor-spacer-inner\"><\/div>\n\t\t<\/div>\n\t\t\t\t<\/div>\n\t\t\t\t<\/div>\n\t\t\t\t<div class=\"elementor-element elementor-element-60b3d396 elementor-mobile-align-center elementor-align-center elementor-widget elementor-widget-button\" data-id=\"60b3d396\" data-element_type=\"widget\" data-widget_type=\"button.default\">\n\t\t\t\t<div class=\"elementor-widget-container\">\n\t\t\t\t\t<div class=\"elementor-button-wrapper\">\n\t\t\t<a class=\"elementor-button elementor-button-link elementor-size-sm\" href=\"https:\/\/numidio.com\/madeinjail\/choose-a-plan\/\">\n\t\t\t\t\t\t<span class=\"elementor-button-content-wrapper\">\n\t\t\t\t\t\t<span class=\"elementor-button-text\">Scegli il tuo pacchetto<\/span>\n\t\t<\/span>\n\t\t\t\t\t<\/a>\n\t\t<\/div>\n\t\t\t\t<\/div>\n\t\t\t\t<\/div>\n\t\t\t\t\t<\/div>\n\t\t<\/div>\n\t\t\t\t\t\t\t<\/div>\n\t\t<\/section>\n\t\t\t\t\t\t\t<\/div>\n\t\t","protected":false},"excerpt":{"rendered":"<p>\u201cIl carcere \u00e8 un orologio senza lancette\u201d Silvio Palermo, Fondatore di Made in Jail Introduzione Il carcere \u00e8 il luogo che pi\u00f9 di tutti interroga la nostra societ\u00e0. Parlare di carcere significa parlare di un mondo che ad oggi, purtroppo, \u00e8 ancora separato, come se fosse in un\u2019altra dimensione spazio-temporale. Chi entra in carcere sente [&hellip;]<\/p>\n","protected":false},"author":1,"featured_media":0,"parent":0,"menu_order":0,"comment_status":"closed","ping_status":"closed","template":"","meta":{"footnotes":""},"class_list":["post-1422","page","type-page","status-publish","hentry"],"yoast_head":"<!-- This site is optimized with the Yoast SEO plugin v20.2.1 - https:\/\/yoast.com\/wordpress\/plugins\/seo\/ -->\n<title>Il Progetto - Made in Jail il Film<\/title>\n<meta name=\"robots\" content=\"index, follow, max-snippet:-1, max-image-preview:large, max-video-preview:-1\" \/>\n<link rel=\"canonical\" href=\"https:\/\/numidio.com\/madeinjail\/il-progetto\/\" \/>\n<meta property=\"og:locale\" content=\"it_IT\" \/>\n<meta property=\"og:type\" content=\"article\" \/>\n<meta property=\"og:title\" content=\"Il Progetto - Made in Jail il Film\" \/>\n<meta property=\"og:description\" content=\"\u201cIl carcere \u00e8 un orologio senza lancette\u201d Silvio Palermo, Fondatore di Made in Jail Introduzione Il carcere \u00e8 il luogo che pi\u00f9 di tutti interroga la nostra societ\u00e0. Parlare di carcere significa parlare di un mondo che ad oggi, purtroppo, \u00e8 ancora separato, come se fosse in un\u2019altra dimensione spazio-temporale. Chi entra in carcere sente [&hellip;]\" \/>\n<meta property=\"og:url\" content=\"https:\/\/numidio.com\/madeinjail\/il-progetto\/\" \/>\n<meta property=\"og:site_name\" content=\"Made in Jail il Film\" \/>\n<meta property=\"article:modified_time\" content=\"2023-03-02T00:17:39+00:00\" \/>\n<meta property=\"og:image\" content=\"https:\/\/numidio.com\/madeinjail\/wp-content\/uploads\/2021\/08\/Foto-2-Silvio-con-un-ragazzo-durante-un-corso.jpg\" \/>\n<meta name=\"twitter:card\" content=\"summary_large_image\" \/>\n<meta name=\"twitter:label1\" content=\"Tempo di lettura stimato\" \/>\n\t<meta name=\"twitter:data1\" content=\"3 minuti\" \/>\n<script type=\"application\/ld+json\" class=\"yoast-schema-graph\">{\"@context\":\"https:\/\/schema.org\",\"@graph\":[{\"@type\":\"WebPage\",\"@id\":\"https:\/\/numidio.com\/madeinjail\/il-progetto\/\",\"url\":\"https:\/\/numidio.com\/madeinjail\/il-progetto\/\",\"name\":\"Il Progetto - Made in Jail il Film\",\"isPartOf\":{\"@id\":\"https:\/\/numidio.com\/madeinjail\/#website\"},\"datePublished\":\"2023-02-27T11:54:53+00:00\",\"dateModified\":\"2023-03-02T00:17:39+00:00\",\"breadcrumb\":{\"@id\":\"https:\/\/numidio.com\/madeinjail\/il-progetto\/#breadcrumb\"},\"inLanguage\":\"it-IT\",\"potentialAction\":[{\"@type\":\"ReadAction\",\"target\":[\"https:\/\/numidio.com\/madeinjail\/il-progetto\/\"]}]},{\"@type\":\"BreadcrumbList\",\"@id\":\"https:\/\/numidio.com\/madeinjail\/il-progetto\/#breadcrumb\",\"itemListElement\":[{\"@type\":\"ListItem\",\"position\":1,\"name\":\"Home\",\"item\":\"https:\/\/numidio.com\/madeinjail\/\"},{\"@type\":\"ListItem\",\"position\":2,\"name\":\"Il Progetto\"}]},{\"@type\":\"WebSite\",\"@id\":\"https:\/\/numidio.com\/madeinjail\/#website\",\"url\":\"https:\/\/numidio.com\/madeinjail\/\",\"name\":\"Made in Jail il Film\",\"description\":\"\",\"publisher\":{\"@id\":\"https:\/\/numidio.com\/madeinjail\/#organization\"},\"potentialAction\":[{\"@type\":\"SearchAction\",\"target\":{\"@type\":\"EntryPoint\",\"urlTemplate\":\"https:\/\/numidio.com\/madeinjail\/?s={search_term_string}\"},\"query-input\":\"required name=search_term_string\"}],\"inLanguage\":\"it-IT\"},{\"@type\":\"Organization\",\"@id\":\"https:\/\/numidio.com\/madeinjail\/#organization\",\"name\":\"Made in Jail il Film\",\"url\":\"https:\/\/numidio.com\/madeinjail\/\",\"logo\":{\"@type\":\"ImageObject\",\"inLanguage\":\"it-IT\",\"@id\":\"https:\/\/numidio.com\/madeinjail\/#\/schema\/logo\/image\/\",\"url\":\"https:\/\/numidio.com\/madeinjail\/wp-content\/uploads\/2021\/08\/Marchio_NUMIDIO_Colore_su_fondo_nero-2048x765-1.png\",\"contentUrl\":\"https:\/\/numidio.com\/madeinjail\/wp-content\/uploads\/2021\/08\/Marchio_NUMIDIO_Colore_su_fondo_nero-2048x765-1.png\",\"width\":2048,\"height\":765,\"caption\":\"Made in Jail il Film\"},\"image\":{\"@id\":\"https:\/\/numidio.com\/madeinjail\/#\/schema\/logo\/image\/\"}}]}<\/script>\n<!-- \/ Yoast SEO plugin. -->","yoast_head_json":{"title":"Il Progetto - Made in Jail il Film","robots":{"index":"index","follow":"follow","max-snippet":"max-snippet:-1","max-image-preview":"max-image-preview:large","max-video-preview":"max-video-preview:-1"},"canonical":"https:\/\/numidio.com\/madeinjail\/il-progetto\/","og_locale":"it_IT","og_type":"article","og_title":"Il Progetto - Made in Jail il Film","og_description":"\u201cIl carcere \u00e8 un orologio senza lancette\u201d Silvio Palermo, Fondatore di Made in Jail Introduzione Il carcere \u00e8 il luogo che pi\u00f9 di tutti interroga la nostra societ\u00e0. Parlare di carcere significa parlare di un mondo che ad oggi, purtroppo, \u00e8 ancora separato, come se fosse in un\u2019altra dimensione spazio-temporale. Chi entra in carcere sente [&hellip;]","og_url":"https:\/\/numidio.com\/madeinjail\/il-progetto\/","og_site_name":"Made in Jail il Film","article_modified_time":"2023-03-02T00:17:39+00:00","og_image":[{"url":"https:\/\/numidio.com\/madeinjail\/wp-content\/uploads\/2021\/08\/Foto-2-Silvio-con-un-ragazzo-durante-un-corso.jpg"}],"twitter_card":"summary_large_image","twitter_misc":{"Tempo di lettura stimato":"3 minuti"},"schema":{"@context":"https:\/\/schema.org","@graph":[{"@type":"WebPage","@id":"https:\/\/numidio.com\/madeinjail\/il-progetto\/","url":"https:\/\/numidio.com\/madeinjail\/il-progetto\/","name":"Il Progetto - Made in Jail il Film","isPartOf":{"@id":"https:\/\/numidio.com\/madeinjail\/#website"},"datePublished":"2023-02-27T11:54:53+00:00","dateModified":"2023-03-02T00:17:39+00:00","breadcrumb":{"@id":"https:\/\/numidio.com\/madeinjail\/il-progetto\/#breadcrumb"},"inLanguage":"it-IT","potentialAction":[{"@type":"ReadAction","target":["https:\/\/numidio.com\/madeinjail\/il-progetto\/"]}]},{"@type":"BreadcrumbList","@id":"https:\/\/numidio.com\/madeinjail\/il-progetto\/#breadcrumb","itemListElement":[{"@type":"ListItem","position":1,"name":"Home","item":"https:\/\/numidio.com\/madeinjail\/"},{"@type":"ListItem","position":2,"name":"Il Progetto"}]},{"@type":"WebSite","@id":"https:\/\/numidio.com\/madeinjail\/#website","url":"https:\/\/numidio.com\/madeinjail\/","name":"Made in Jail il Film","description":"","publisher":{"@id":"https:\/\/numidio.com\/madeinjail\/#organization"},"potentialAction":[{"@type":"SearchAction","target":{"@type":"EntryPoint","urlTemplate":"https:\/\/numidio.com\/madeinjail\/?s={search_term_string}"},"query-input":"required name=search_term_string"}],"inLanguage":"it-IT"},{"@type":"Organization","@id":"https:\/\/numidio.com\/madeinjail\/#organization","name":"Made in Jail il Film","url":"https:\/\/numidio.com\/madeinjail\/","logo":{"@type":"ImageObject","inLanguage":"it-IT","@id":"https:\/\/numidio.com\/madeinjail\/#\/schema\/logo\/image\/","url":"https:\/\/numidio.com\/madeinjail\/wp-content\/uploads\/2021\/08\/Marchio_NUMIDIO_Colore_su_fondo_nero-2048x765-1.png","contentUrl":"https:\/\/numidio.com\/madeinjail\/wp-content\/uploads\/2021\/08\/Marchio_NUMIDIO_Colore_su_fondo_nero-2048x765-1.png","width":2048,"height":765,"caption":"Made in Jail il Film"},"image":{"@id":"https:\/\/numidio.com\/madeinjail\/#\/schema\/logo\/image\/"}}]}},"_links":{"self":[{"href":"https:\/\/numidio.com\/madeinjail\/wp-json\/wp\/v2\/pages\/1422","targetHints":{"allow":["GET"]}}],"collection":[{"href":"https:\/\/numidio.com\/madeinjail\/wp-json\/wp\/v2\/pages"}],"about":[{"href":"https:\/\/numidio.com\/madeinjail\/wp-json\/wp\/v2\/types\/page"}],"author":[{"embeddable":true,"href":"https:\/\/numidio.com\/madeinjail\/wp-json\/wp\/v2\/users\/1"}],"replies":[{"embeddable":true,"href":"https:\/\/numidio.com\/madeinjail\/wp-json\/wp\/v2\/comments?post=1422"}],"version-history":[{"count":53,"href":"https:\/\/numidio.com\/madeinjail\/wp-json\/wp\/v2\/pages\/1422\/revisions"}],"predecessor-version":[{"id":2040,"href":"https:\/\/numidio.com\/madeinjail\/wp-json\/wp\/v2\/pages\/1422\/revisions\/2040"}],"wp:attachment":[{"href":"https:\/\/numidio.com\/madeinjail\/wp-json\/wp\/v2\/media?parent=1422"}],"curies":[{"name":"wp","href":"https:\/\/api.w.org\/{rel}","templated":true}]}}